{"id":11423,"date":"2018-09-21T14:01:16","date_gmt":"2018-09-21T12:01:16","guid":{"rendered":"http:\/\/www.promfr.ch\/ansiedeln\/geschaftsentwicklung\/"},"modified":"2022-06-08T09:47:54","modified_gmt":"2022-06-08T07:47:54","slug":"geschaftsentwicklung","status":"publish","type":"page","link":"https:\/\/www.promfr.ch\/de\/ansiedeln\/geschaftsentwicklung\/","title":{"rendered":"Gesch\u00e4ftsentwicklung"},"content":{"rendered":"<div class=\"wpb-content-wrapper\"><p>[vc_row row_type=&#8220;parallax&#8220; full_screen_section_height=&#8220;no&#8220; css=&#8220;.vc_custom_1500456852303{margin-top: 0px !important;margin-right: 0px !important;margin-bottom: 0px !important;margin-left: 0px !important;padding-top: 0px !important;padding-right: 0px !important;padding-bottom: 0px !important;padding-left: 0px !important;background-color: #002c77 !important;}&#8220;][vc_column css=&#8220;.vc_custom_1500387896779{padding-top: 0px !important;padding-right: 0px !important;padding-bottom: 0px !important;padding-left: 0px !important;}&#8220;][vc_row_inner content_width=&#8220;grid&#8220; css=&#8220;.vc_custom_1500457336512{padding-top: 0px !important;padding-right: 0px !important;padding-bottom: 0px !important;padding-left: 0px !important;}&#8220; el_class=&#8220;bannerservices&#8220;][vc_column_inner width=&#8220;1\/2&#8243;][vc_empty_space height=&#8220;30px&#8220;]<div class=\"mkd-iwt clearfix mkd-iwt-icon-left mkd-iwt-icon-tiny\">\n\t<div class=\"mkd-iwt-icon-holder\">\n\t\t\t\t\t\n\t<span class=\"mkd-icon-shortcode normal mkd-icon-tiny\"  data-hover-color=\"#ffffff\" data-color=\"#ffffff\">\n        \n\t\t\t<i class=\"mkd-icon-dripicons dripicon dripicon-arrow-thin-up mkd-icon-element\" style=\"color: #ffffff\" ><\/i>\n\t\t\t    <\/span>\n\n\t\t\t\t<\/div>\n\t<div class=\"mkd-iwt-content-holder\" style=\"padding-left: 40px\">\n\t\t<div class=\"mkd-iwt-title-holder\">\n\t\t\t<h4 style=\"color: #ffffff;text-transform: none;font-weight: 700\">Gesch\u00e4ftsentwicklung<\/h4>\n\t<\/div>\n\t<div class=\"mkd-iwt-text-holder\">\n\t\t<p ><\/p>\n\n\t\t\t<\/div>\n<\/div>\n<\/div>[vc_column_text][\/vc_column_text][vc_empty_space height=&#8220;30px&#8220;][\/vc_column_inner][vc_column_inner width=&#8220;1\/2&#8243;][\/vc_column_inner][\/vc_row_inner][\/vc_column][\/vc_row][vc_row content_width=&#8220;grid&#8220; css=&#8220;.vc_custom_1509115603735{padding-top: 30px !important;}&#8220;][vc_column][vc_column_text]<\/p>\n<h3>Technologie- und Innovationsplattform<\/h3>\n<p>[\/vc_column_text][vc_zigzag][\/vc_column][\/vc_row][vc_row content_width=&#8220;grid&#8220; css=&#8220;.vc_custom_1509115788602{padding-top: 20px !important;padding-bottom: 0px !important;}&#8220;][vc_column width=&#8220;1\/2&#8243; css=&#8220;.vc_custom_1509115332332{padding-right: 40px !important;}&#8220;][vc_column_text css=&#8220;.vc_custom_1509115593109{padding-bottom: 20px !important;}&#8220;]<\/p>\n<h4>INNOSQUARE<\/h4>\n<p>[\/vc_column_text][vc_column_text]<\/p>\n<p>Unternehmen, die sich im Kanton Freiburg ansiedeln, k\u00f6nnen die Technologie- und Innovationsplattform <strong><a href=\"https:\/\/www.innosquare.com\/de\/\" target=\"_blank\" rel=\"noopener noreferrer\">INNOSQUARE<\/a><\/strong> nutzen. INNOSQUARE ist im Innovationsquartier <strong><a href=\"https:\/\/www.bluefactory.ch\/de\" target=\"_blank\" rel=\"noopener noreferrer\">blueFACTORY<\/a><\/strong> in Freiburg in der Schweiz t\u00e4tig. Die Plattform schafft durch die Interaktionen zwischen Unternehmen und Hochschulen sowie die Entwicklung von Schl\u00fcsselkompetenzen eine Umgebung f\u00fcr Unternehmertum und Innovation. INNOSQUARE unterst\u00fctzt die Entwicklung von Kompetenzzentren und thematischen Clustern und bietet administrative Dienstleistungen sowie Prototypenentwicklung und Durchf\u00fchrung von Experimenten. Die Kompetenzzentren <strong><a href=\"https:\/\/rosas.center\" target=\"_blank\" rel=\"noopener noreferrer\">Robust and Safe Systems Center Freiburg<\/a><\/strong> (ROSAS), <strong><a href=\"https:\/\/iprint.center\" target=\"_blank\" rel=\"noopener noreferrer\">iPrint Center<\/a><\/strong> und <strong><a href=\"https:\/\/picc.center\/\" target=\"_blank\" rel=\"noopener noreferrer\">Plastics Innovation Competence Center<\/a><\/strong> (PICC) und die Cluster <strong><a href=\"https:\/\/swissplastics-cluster.ch\/de\/\" target=\"_blank\" rel=\"noopener noreferrer\">Swiss Plastics Cluster<\/a><\/strong>, <strong><a href=\"https:\/\/building-innovation.ch\/de\/startseite\/\" target=\"_blank\" rel=\"noopener noreferrer\">Building Innovation Cluster<\/a><\/strong> und <strong><a href=\"https:\/\/www.clusterfoodnutrition.ch\/de\" target=\"_blank\" rel=\"noopener noreferrer\">Food &amp; Nutrition Cluster<\/a><\/strong> werden von INNOSQUARE beherbergt.<\/p>\n<p>[\/vc_column_text][\/vc_column][vc_column width=&#8220;1\/2&#8243; css=&#8220;.vc_custom_1509115680627{padding-top: 20px !important;padding-right: 20px !important;padding-bottom: 20px !important;padding-left: 20px !important;background-color: #e3e3e3 !important;}&#8220;][vc_column_text css=&#8220;.vc_custom_1509115598033{padding-bottom: 20px !important;}&#8220;]<\/p>\n<h4>Kontakt<\/h4>\n<p>[\/vc_column_text][vc_row_inner][vc_column_inner][vc_column_text]<\/p>\n<p><strong>INNOSQUARE<\/strong><br \/>\n<a title=\"info&#64;innosqua&#114;&#101;&#46;&#99;&#111;&#x6d;\" href=\"&#109;&#x61;&#105;&#x6c;t&#x6f;:&#x69;n&#x66;o&#x40;i&#x6e;n&#111;&#x73;&#113;&#x75;&#97;&#x72;e&#x2e;c&#x6f;m\" target=\"_blank\" rel=\"noopener noreferrer\">i&#110;&#x66;&#x6f;&#64;&#105;&#x6e;&#x6e;o&#115;&#x71;&#x75;ar&#x65;&#x2e;co&#x6d;<\/a><br \/>\n<a title=\"www.innosquare.com\" href=\"http:\/\/www.innosquare.com\/\" target=\"_blank\" rel=\"noopener noreferrer\">www.innosquare.com<\/a><br \/>\nINNOSQUARE \u2013 Plattform-Dienstleistungen und Entwicklung von Kompetenzzentren<br \/>\nPascal Bovet, Direktor<br \/>\nPassage du Cardinal 1<br \/>\nB\u00e2timent A<br \/>\n1700 Freiburg<\/p>\n<p>T +41 26 429 66 56<br \/>\nM +41 79 506 90 27<br \/>\n<a title=\"&#x70;a&#x73;c&#x61;&#108;.&#x62;o&#x76;e&#x74;&#64;h&#x65;f&#x72;&#46;c&#x68;\" href=\"&#x6d;&#x61;&#x69;&#x6c;&#x74;&#111;&#58;pasca&#x6c;&#x2e;&#x62;&#x6f;&#x76;&#x65;&#116;&#64;hefr&#x2e;&#x63;&#x68;\" target=\"_blank\" rel=\"noopener noreferrer\">&#x70;&#x61;&#x73;&#99;al.&#x62;&#x6f;&#x76;&#x65;&#116;&#64;he&#x66;&#x72;&#x2e;&#99;&#104;<\/a><\/p>\n<p>[\/vc_column_text][\/vc_column_inner][\/vc_row_inner][\/vc_column][\/vc_row][vc_row content_width=&#8220;grid&#8220; css=&#8220;.vc_custom_1509115603735{padding-top: 30px !important;}&#8220;][vc_column][vc_column_text]<\/p>\n<h3>Branchenplattformen<\/h3>\n<p>[\/vc_column_text][vc_zigzag][\/vc_column][\/vc_row][vc_row][vc_column][vc_column_text] [\/vc_column_text][\/vc_column][\/vc_row][vc_row][vc_column][vc_column_text] [\/vc_column_text][\/vc_column][\/vc_row][vc_row][vc_column][vc_column_text] [\/vc_column_text][\/vc_column][\/vc_row][vc_row][vc_column][vc_column_text] [\/vc_column_text][\/vc_column][\/vc_row][vc_row][vc_column][vc_column_text]<\/p>\n<p>[\/vc_column_text][\/vc_column][\/vc_row][vc_row content_width=&#8220;grid&#8220; css=&#8220;.vc_custom_1509115665986{padding-top: 20px !important;padding-bottom: 30px !important;}&#8220;][vc_column width=&#8220;1\/2&#8243; css=&#8220;.vc_custom_1509115332332{padding-right: 40px !important;}&#8220;][vc_column_text css=&#8220;.vc_custom_1509115757336{padding-bottom: 20px !important;}&#8220;]<\/p>\n<h4>CDEP-SO<\/h4>\n<p>[\/vc_column_text][vc_column_text]<\/p>\n<p>Die Unternehmen und Hochschulen Freiburgs sind perfekt in die Plattformen eingebettet, die im Rahmen der Branchenf\u00f6rderungsmassnahmen der Volkswirtschaftsdirektorenkonferenz der Westschweiz (<strong><a href=\"http:\/\/cdep-so.ch\/de\" target=\"_blank\" rel=\"noopener noreferrer\">CDEP-SO<\/a><\/strong>) lanciert worden sind.<\/p>\n<ul>\n<li><strong><a href=\"http:\/\/www.bioalps.ch\" target=\"_blank\" rel=\"noopener noreferrer\">BioAlps<\/a><\/strong> richtet sich an Life Science Unternehmen<\/li>\n<li><strong><a href=\"http:\/\/www.micronarc.ch\" target=\"_blank\" rel=\"noopener noreferrer\">Micronarc<\/a><\/strong> ist ein Kompetenzzentrum f\u00fcr Mikro- und Nanotechnologie<\/li>\n<li>Der Cluster <strong><a href=\"http:\/\/www.alpict.com\" target=\"_blank\" rel=\"noopener noreferrer\">Alp ICT<\/a><\/strong> sorgt f\u00fcr Synergien zwischen Unternehmen in IT und Kommunikation<\/li>\n<li>Und die j\u00fcngste Initiative, <strong><a href=\"http:\/\/www.cleantech-alps.com\" target=\"_blank\" rel=\"noopener noreferrer\">CleantechAlps<\/a><\/strong> vernetzt die Cleantech-Unternehmen<\/li>\n<\/ul>\n<p>Unternehmen, die sich in Freiburg ansiedeln, profitieren von diesen vier einflussreichen Netzwerken.<\/p>\n<p>[\/vc_column_text][\/vc_column][vc_column width=&#8220;1\/2&#8243; css=&#8220;.vc_custom_1509115680627{padding-top: 20px !important;padding-right: 20px !important;padding-bottom: 20px !important;padding-left: 20px !important;background-color: #e3e3e3 !important;}&#8220;][vc_column_text css=&#8220;.vc_custom_1509115598033{padding-bottom: 20px !important;}&#8220;]<\/p>\n<h4>Kontakt<\/h4>\n<p>[\/vc_column_text][vc_row_inner][vc_column_inner][vc_column_text]<\/p>\n<p><strong>Wirtschaftsf\u00f6rderung Kanton Freiburg<br \/>\n<\/strong>Boulevard de P\u00e9rolles 25<br \/>\nPostfach 1350<br \/>\n1701 Freiburg<\/p>\n<p>T +41 26 304 14 00<br \/>\n<a title=\"&#x70;r&#x6f;&#109;&#x66;&#x72;&#64;&#x66;&#114;&#x2e;&#x63;h\" href=\"&#x6d;&#x61;&#x69;&#108;to:&#x70;&#x72;&#x6f;&#109;fr&#64;&#x66;&#x72;&#x2e;&#99;h\" target=\"_blank\" rel=\"noopener noreferrer\">p&#114;&#x6f;&#x6d;fr&#64;&#x66;&#x72;.&#99;&#x68;<\/a><\/p>\n<p>[\/vc_column_text][\/vc_column_inner][\/vc_row_inner][\/vc_column][\/vc_row]<\/p>\n<\/div>","protected":false},"excerpt":{"rendered":"<p>[vc_row row_type=&#8220;parallax&#8220; full_screen_section_height=&#8220;no&#8220; css=&#8220;.vc_custom_1500456852303{margin-top: 0px !important;margin-right: 0px !important;margin-bottom: 0px !important;margin-left: 0px !important;padding-top: 0px !important;padding-right: 0px !important;padding-bottom: 0px !important;padding-left: 0px !important;background-color: #002c77 !important;}&#8220;][vc_column css=&#8220;.vc_custom_1500387896779{padding-top: 0px !important;padding-right: 0px !important;padding-bottom: 0px !important;padding-left: 0px !important;}&#8220;][vc_row_inner content_width=&#8220;grid&#8220; css=&#8220;.vc_custom_1500457336512{padding-top: 0px !important;padding-right: 0px !important;padding-bottom: 0px !important;padding-left: 0px !important;}&#8220; el_class=&#8220;bannerservices&#8220;][vc_column_inner width=&#8220;1\/2&#8243;][vc_empty_space height=&#8220;30px&#8220;][vc_column_text][\/vc_column_text][vc_empty_space height=&#8220;30px&#8220;][\/vc_column_inner][vc_column_inner&#8230;<\/p>\n","protected":false},"author":2,"featured_media":0,"parent":11298,"menu_order":0,"comment_status":"closed","ping_status":"closed","template":"full-width.php","meta":{"footnotes":""},"tags":[],"class_list":["post-11423","page","type-page","status-publish","hentry"],"yoast_head":"<!-- This site is optimized with the Yoast SEO plugin v26.9 - https:\/\/yoast.com\/product\/yoast-seo-wordpress\/ -->\n<title>Gesch\u00e4ftsentwicklung - Wirtschaftsf\u00f6rderung WIF<\/title>\n<meta name=\"description\" content=\"Expats-Fribourg est un r\u00e9seau pour l\u2019int\u00e9gration sociale. Fid\u00e8le \u00e0 sa r\u00e9putation d\u2019accueil, Fribourg a mis sur pied un r\u00e9seau pour les expatri\u00e9s afin de...\" \/>\n<meta name=\"robots\" content=\"index, follow, max-snippet:-1, max-image-preview:large, max-video-preview:-1\" \/>\n<link rel=\"canonical\" href=\"https:\/\/www.promfr.ch\/de\/ansiedeln\/geschaftsentwicklung\/\" \/>\n<meta property=\"og:locale\" content=\"de_DE\" \/>\n<meta property=\"og:type\" content=\"article\" \/>\n<meta property=\"og:title\" content=\"Gesch\u00e4ftsentwicklung - Wirtschaftsf\u00f6rderung WIF\" \/>\n<meta property=\"og:description\" content=\"Expats-Fribourg est un r\u00e9seau pour l\u2019int\u00e9gration sociale. Fid\u00e8le \u00e0 sa r\u00e9putation d\u2019accueil, Fribourg a mis sur pied un r\u00e9seau pour les expatri\u00e9s afin de...\" \/>\n<meta property=\"og:url\" content=\"https:\/\/www.promfr.ch\/de\/ansiedeln\/geschaftsentwicklung\/\" \/>\n<meta property=\"og:site_name\" content=\"Wirtschaftsf\u00f6rderung WIF\" \/>\n<meta property=\"article:modified_time\" content=\"2022-06-08T07:47:54+00:00\" \/>\n<meta name=\"twitter:card\" content=\"summary_large_image\" \/>\n<meta name=\"twitter:site\" content=\"@promfr\" \/>\n<script type=\"application\/ld+json\" class=\"yoast-schema-graph\">{\"@context\":\"https:\/\/schema.org\",\"@graph\":[{\"@type\":\"WebPage\",\"@id\":\"https:\/\/www.promfr.ch\/de\/ansiedeln\/geschaftsentwicklung\/\",\"url\":\"https:\/\/www.promfr.ch\/de\/ansiedeln\/geschaftsentwicklung\/\",\"name\":\"Gesch\u00e4ftsentwicklung - Wirtschaftsf\u00f6rderung WIF\",\"isPartOf\":{\"@id\":\"https:\/\/www.promfr.ch\/#website\"},\"datePublished\":\"2018-09-21T12:01:16+00:00\",\"dateModified\":\"2022-06-08T07:47:54+00:00\",\"description\":\"Expats-Fribourg est un r\u00e9seau pour l\u2019int\u00e9gration sociale. Fid\u00e8le \u00e0 sa r\u00e9putation d\u2019accueil, Fribourg a mis sur pied un r\u00e9seau pour les expatri\u00e9s afin de...\",\"breadcrumb\":{\"@id\":\"https:\/\/www.promfr.ch\/de\/ansiedeln\/geschaftsentwicklung\/#breadcrumb\"},\"inLanguage\":\"de\",\"potentialAction\":[{\"@type\":\"ReadAction\",\"target\":[\"https:\/\/www.promfr.ch\/de\/ansiedeln\/geschaftsentwicklung\/\"]}]},{\"@type\":\"BreadcrumbList\",\"@id\":\"https:\/\/www.promfr.ch\/de\/ansiedeln\/geschaftsentwicklung\/#breadcrumb\",\"itemListElement\":[{\"@type\":\"ListItem\",\"position\":1,\"name\":\"Accueil\",\"item\":\"https:\/\/www.promfr.ch\/de\/\"},{\"@type\":\"ListItem\",\"position\":2,\"name\":\"Ansiedeln\",\"item\":\"https:\/\/www.promfr.ch\/de\/ansiedeln\/\"},{\"@type\":\"ListItem\",\"position\":3,\"name\":\"Gesch\u00e4ftsentwicklung\"}]},{\"@type\":\"WebSite\",\"@id\":\"https:\/\/www.promfr.ch\/#website\",\"url\":\"https:\/\/www.promfr.ch\/\",\"name\":\"Promotion \u00e9conomique du canton de Fribourg (PromFR)\",\"description\":\"FRIBOURG, THE PLACE TO GROW!\",\"publisher\":{\"@id\":\"https:\/\/www.promfr.ch\/#organization\"},\"alternateName\":\"Wirtschaftsf\u00f6rderung Kanton Freiburg (WIF)\",\"potentialAction\":[{\"@type\":\"SearchAction\",\"target\":{\"@type\":\"EntryPoint\",\"urlTemplate\":\"https:\/\/www.promfr.ch\/?s={search_term_string}\"},\"query-input\":{\"@type\":\"PropertyValueSpecification\",\"valueRequired\":true,\"valueName\":\"search_term_string\"}}],\"inLanguage\":\"de\"},{\"@type\":\"Organization\",\"@id\":\"https:\/\/www.promfr.ch\/#organization\",\"name\":\"Promotion \u00e9conomique du canton de Fribourg (PromFR)\",\"alternateName\":\"Wirtschaftsf\u00f6rderung Kanton Freiburg (WIF)\",\"url\":\"https:\/\/www.promfr.ch\/\",\"logo\":{\"@type\":\"ImageObject\",\"inLanguage\":\"de\",\"@id\":\"https:\/\/www.promfr.ch\/#\/schema\/logo\/image\/\",\"url\":\"https:\/\/www.promfr.ch\/wp-content\/uploads\/2017\/07\/promotion-economique-fribourg-logo.png\",\"contentUrl\":\"https:\/\/www.promfr.ch\/wp-content\/uploads\/2017\/07\/promotion-economique-fribourg-logo.png\",\"width\":515,\"height\":156,\"caption\":\"Promotion \u00e9conomique du canton de Fribourg (PromFR)\"},\"image\":{\"@id\":\"https:\/\/www.promfr.ch\/#\/schema\/logo\/image\/\"},\"sameAs\":[\"https:\/\/x.com\/promfr\",\"https:\/\/www.linkedin.com\/company\/promfr\",\"https:\/\/www.youtube.com\/user\/promfr\"]}]}<\/script>\n<!-- \/ Yoast SEO plugin. -->","yoast_head_json":{"title":"Gesch\u00e4ftsentwicklung - Wirtschaftsf\u00f6rderung WIF","description":"Expats-Fribourg est un r\u00e9seau pour l\u2019int\u00e9gration sociale. Fid\u00e8le \u00e0 sa r\u00e9putation d\u2019accueil, Fribourg a mis sur pied un r\u00e9seau pour les expatri\u00e9s afin de...","robots":{"index":"index","follow":"follow","max-snippet":"max-snippet:-1","max-image-preview":"max-image-preview:large","max-video-preview":"max-video-preview:-1"},"canonical":"https:\/\/www.promfr.ch\/de\/ansiedeln\/geschaftsentwicklung\/","og_locale":"de_DE","og_type":"article","og_title":"Gesch\u00e4ftsentwicklung - Wirtschaftsf\u00f6rderung WIF","og_description":"Expats-Fribourg est un r\u00e9seau pour l\u2019int\u00e9gration sociale. Fid\u00e8le \u00e0 sa r\u00e9putation d\u2019accueil, Fribourg a mis sur pied un r\u00e9seau pour les expatri\u00e9s afin de...","og_url":"https:\/\/www.promfr.ch\/de\/ansiedeln\/geschaftsentwicklung\/","og_site_name":"Wirtschaftsf\u00f6rderung WIF","article_modified_time":"2022-06-08T07:47:54+00:00","twitter_card":"summary_large_image","twitter_site":"@promfr","schema":{"@context":"https:\/\/schema.org","@graph":[{"@type":"WebPage","@id":"https:\/\/www.promfr.ch\/de\/ansiedeln\/geschaftsentwicklung\/","url":"https:\/\/www.promfr.ch\/de\/ansiedeln\/geschaftsentwicklung\/","name":"Gesch\u00e4ftsentwicklung - Wirtschaftsf\u00f6rderung WIF","isPartOf":{"@id":"https:\/\/www.promfr.ch\/#website"},"datePublished":"2018-09-21T12:01:16+00:00","dateModified":"2022-06-08T07:47:54+00:00","description":"Expats-Fribourg est un r\u00e9seau pour l\u2019int\u00e9gration sociale. Fid\u00e8le \u00e0 sa r\u00e9putation d\u2019accueil, Fribourg a mis sur pied un r\u00e9seau pour les expatri\u00e9s afin de...","breadcrumb":{"@id":"https:\/\/www.promfr.ch\/de\/ansiedeln\/geschaftsentwicklung\/#breadcrumb"},"inLanguage":"de","potentialAction":[{"@type":"ReadAction","target":["https:\/\/www.promfr.ch\/de\/ansiedeln\/geschaftsentwicklung\/"]}]},{"@type":"BreadcrumbList","@id":"https:\/\/www.promfr.ch\/de\/ansiedeln\/geschaftsentwicklung\/#breadcrumb","itemListElement":[{"@type":"ListItem","position":1,"name":"Accueil","item":"https:\/\/www.promfr.ch\/de\/"},{"@type":"ListItem","position":2,"name":"Ansiedeln","item":"https:\/\/www.promfr.ch\/de\/ansiedeln\/"},{"@type":"ListItem","position":3,"name":"Gesch\u00e4ftsentwicklung"}]},{"@type":"WebSite","@id":"https:\/\/www.promfr.ch\/#website","url":"https:\/\/www.promfr.ch\/","name":"Promotion \u00e9conomique du canton de Fribourg (PromFR)","description":"FRIBOURG, THE PLACE TO GROW!","publisher":{"@id":"https:\/\/www.promfr.ch\/#organization"},"alternateName":"Wirtschaftsf\u00f6rderung Kanton Freiburg (WIF)","potentialAction":[{"@type":"SearchAction","target":{"@type":"EntryPoint","urlTemplate":"https:\/\/www.promfr.ch\/?s={search_term_string}"},"query-input":{"@type":"PropertyValueSpecification","valueRequired":true,"valueName":"search_term_string"}}],"inLanguage":"de"},{"@type":"Organization","@id":"https:\/\/www.promfr.ch\/#organization","name":"Promotion \u00e9conomique du canton de Fribourg (PromFR)","alternateName":"Wirtschaftsf\u00f6rderung Kanton Freiburg (WIF)","url":"https:\/\/www.promfr.ch\/","logo":{"@type":"ImageObject","inLanguage":"de","@id":"https:\/\/www.promfr.ch\/#\/schema\/logo\/image\/","url":"https:\/\/www.promfr.ch\/wp-content\/uploads\/2017\/07\/promotion-economique-fribourg-logo.png","contentUrl":"https:\/\/www.promfr.ch\/wp-content\/uploads\/2017\/07\/promotion-economique-fribourg-logo.png","width":515,"height":156,"caption":"Promotion \u00e9conomique du canton de Fribourg (PromFR)"},"image":{"@id":"https:\/\/www.promfr.ch\/#\/schema\/logo\/image\/"},"sameAs":["https:\/\/x.com\/promfr","https:\/\/www.linkedin.com\/company\/promfr","https:\/\/www.youtube.com\/user\/promfr"]}]}},"_links":{"self":[{"href":"https:\/\/www.promfr.ch\/de\/wp-json\/wp\/v2\/pages\/11423","targetHints":{"allow":["GET"]}}],"collection":[{"href":"https:\/\/www.promfr.ch\/de\/wp-json\/wp\/v2\/pages"}],"about":[{"href":"https:\/\/www.promfr.ch\/de\/wp-json\/wp\/v2\/types\/page"}],"author":[{"embeddable":true,"href":"https:\/\/www.promfr.ch\/de\/wp-json\/wp\/v2\/users\/2"}],"replies":[{"embeddable":true,"href":"https:\/\/www.promfr.ch\/de\/wp-json\/wp\/v2\/comments?post=11423"}],"version-history":[{"count":12,"href":"https:\/\/www.promfr.ch\/de\/wp-json\/wp\/v2\/pages\/11423\/revisions"}],"predecessor-version":[{"id":19186,"href":"https:\/\/www.promfr.ch\/de\/wp-json\/wp\/v2\/pages\/11423\/revisions\/19186"}],"up":[{"embeddable":true,"href":"https:\/\/www.promfr.ch\/de\/wp-json\/wp\/v2\/pages\/11298"}],"wp:attachment":[{"href":"https:\/\/www.promfr.ch\/de\/wp-json\/wp\/v2\/media?parent=11423"}],"wp:term":[{"taxonomy":"post_tag","embeddable":true,"href":"https:\/\/www.promfr.ch\/de\/wp-json\/wp\/v2\/tags?post=11423"}],"curies":[{"name":"wp","href":"https:\/\/api.w.org\/{rel}","templated":true}]}}