{"id":21988,"date":"2026-04-28T09:16:21","date_gmt":"2026-04-28T07:16:21","guid":{"rendered":"https:\/\/www.promfr.ch\/?page_id=21988"},"modified":"2026-04-28T10:04:47","modified_gmt":"2026-04-28T08:04:47","slug":"nrp-aufruf","status":"publish","type":"page","link":"https:\/\/www.promfr.ch\/de\/nrp-aufruf\/","title":{"rendered":"KPA 2026: 290&#8217;000 Franken zur Beschleunigung des kreislauforientierten Bauens"},"content":{"rendered":"<h1><img loading=\"lazy\" decoding=\"async\" class=\"alignnone size-full wp-image-21996\" src=\"https:\/\/www.promfr.ch\/wp-content\/uploads\/2026\/04\/APC-KPA_2026_web.jpg\" alt=\"\" width=\"1500\" height=\"1000\" srcset=\"https:\/\/www.promfr.ch\/wp-content\/uploads\/2026\/04\/APC-KPA_2026_web.jpg 1500w, https:\/\/www.promfr.ch\/wp-content\/uploads\/2026\/04\/APC-KPA_2026_web-300x200.jpg 300w, https:\/\/www.promfr.ch\/wp-content\/uploads\/2026\/04\/APC-KPA_2026_web-1024x683.jpg 1024w, https:\/\/www.promfr.ch\/wp-content\/uploads\/2026\/04\/APC-KPA_2026_web-768x512.jpg 768w\" sizes=\"auto, (max-width: 1500px) 100vw, 1500px\" \/><\/h1>\n<h1>KPA 2026: 290&#8217;000 Franken zur Beschleunigung des kreislauforientierten Bauens<\/h1>\n<h2><span data-olk-copy-source=\"MessageBody\">Inhaltsverzeichnis<\/span><\/h2>\n<nav style=\"background: #f2f2f2; padding: 0.5em 1em; border-radius: 5px;\">\n<ul style=\"list-style: none; padding-left: 0;\">\n<li><a href=\"#apc-2025\">Der KPA 2026 auf einen Blick<\/a><\/li>\n<li><a href=\"#apc\">Was ist ein KPA?<\/a><\/li>\n<li><a href=\"#objectifs\">Ziele des KPA 2026<\/a><\/li>\n<li><a href=\"#acteurs\">Beteiligte Akteure<\/a><\/li>\n<li><a href=\"#procedure\">Verfahren in 6 Schritten<\/a><\/li>\n<li><a href=\"#participer\">Wie teilnehmen?<\/a><\/li>\n<li><a href=\"#contact\">Kontakt<\/a><\/li>\n<li><a href=\"#archives\">Archiv: KPA 2025<\/a><\/li>\n<li><a href=\"#partenaires\">Partner<\/a><\/li>\n<\/ul>\n<\/nav>\n<h2 id=\"apc-2025\" style=\"scroll-margin-top: 80px;\">Der KPA 2026 auf einen Blick<\/h2>\n<p>Sind Sie ein Freiburger Unternehmen mit einer innovativen, wirkungsvollen und reproduzierbaren L\u00f6sung, um die Bauwirtschaft zu transformieren und deren Umweltbelastung zu reduzieren? Wir geben Ihnen die Mittel, um aktiv zu werden.<\/p>\n<p>Der Kanton Freiburg lanciert die zweite Ausgabe seines thematischen <strong>Kooperationsprojektaufrufs (KPA)<\/strong>, der 2025 im Rahmen der <strong>Neuen Regionalpolitik (NRP)<\/strong> ins Leben gerufen wurde.<\/p>\n<p><strong>Ziel<\/strong>: Unterst\u00fctzung kollaborativer Projekte zwischen Unternehmen zur Beschleunigung des \u00dcbergangs zu einer kreislauforientierten und umweltgerecht konzipierten Bauweise als Antwort auf die \u00f6kologischen und regulatorischen Herausforderungen des Bausektors.<\/p>\n<p><strong>Thema 2026<\/strong>: Bauen neu denken: hin zu kreislauforientierten und umweltgerecht konzipierten Systemen.<\/p>\n<p><strong>Einreichfrist der Projektskizzen<\/strong>: 9. September 2026.<\/p>\n<blockquote><p><a href=\"https:\/\/www.promfr.ch\/de\/?p=22006\">&gt; Link zur Medienmitteilung vom 28. April 2026<\/a><\/p><\/blockquote>\n<p>&nbsp;<\/p>\n<h2 id=\"apc\" style=\"scroll-margin-top: 80px;\">Was ist ein KPA?<\/h2>\n<p>Der <strong>Kooperationsprojektaufruf (KPA)<\/strong> ist ein wirtschaftliches F\u00f6rderinstrument des Kantons Freiburg, finanziert durch die <strong>Neue Regionalpolitik (NRP)<\/strong>.<\/p>\n<p>Er richtet sich an <strong>Unternehmensgruppen<\/strong>, die eine innovative L\u00f6sung zu einer auf kantonaler Ebene identifizierten Problemstellung konkret umsetzen m\u00f6chten. Der KPA f\u00f6rdert die <strong>unternehmens\u00fcbergreifende Zusammenarbeit<\/strong> sowie die <strong>Entwicklung regionaler Wertsch\u00f6pfungsketten<\/strong>.<\/p>\n<p>Teilnahmebedingung: Das Projekt muss <strong>mindestens drei Unternehmen<\/strong> umfassen, von denen <strong>die Mehrheit im Kanton Freiburg ans\u00e4ssig ist<\/strong>. Die Zusammenarbeit mit einem akademischen Partner ist m\u00f6glich und erw\u00fcnscht, jedoch nicht obligatorisch.<\/p>\n<p>Die ausgew\u00e4hlten Projekte erhalten eine finanzielle Unterst\u00fctzung von bis zu <strong>290\u2019000 Franken, die maximal 65 % des Gesamtbudgets des Projekts abdeckt<\/strong>. Die beteiligten Unternehmen tragen den verbleibenden Anteil, davon 10 % in bar sowie 25 % in Form von Eigenleistungen.<\/p>\n<p>&nbsp;<\/p>\n<h2 id=\"objectifs\" style=\"scroll-margin-top: 80px;\">Ziele des KPA 2026<\/h2>\n<p>Der KPA 2026 unterst\u00fctzt die <strong>Entwicklung kollaborativer L\u00f6sungen zur Reduktion der Umweltbelastung im Bausektor<\/strong>, insbesondere bereits in der Planungsphase.<\/p>\n<p>Der Sektor sieht sich <strong>zunehmenden Umweltanforderungen gegen\u00fcber<\/strong>, insbesondere im Zusammenhang mit der Weiterentwicklung der Mustervorschriften der Kantone im Energiebereich (MuKEn), die bis 2029 die Einf\u00fchrung von Grenzwerten f\u00fcr Treibhausgasemissionen sowie f\u00fcr graue Energie vorsehen.<\/p>\n<p>Die Projekte sollen <strong>innovative Ans\u00e4tze<\/strong> mit hoher Wirkung vorschlagen, insbesondere durch die <strong>Reduktion grauer Energie und die F\u00f6rderung der Kreislauff\u00e4higkeit der Materialien<\/strong>: Einsatz biobasierter oder recycelter Materialien, Entwicklung r\u00fcckbaubarer Systeme, digitale Werkzeuge (Materialp\u00e4sse, digitale Zwillinge) zur Verbesserung der Nachverfolgbarkeit oder L\u00f6sungen zur F\u00f6rderung der Wiederverwendung von Ressourcen wie Baustoffb\u00f6rsen.<\/p>\n<p>Sie sollen mindestens eines der folgenden Ziele verfolgen:<\/p>\n<ul>\n<li>Entwicklung <strong>modularer und r\u00fcckbaubarer Systeme zur F\u00f6rderung der Wiederverwendung<\/strong><\/li>\n<li>Entwicklung <strong>digitaler Werkzeuge zur R\u00fcckverfolgbarkeit von Materialien<\/strong> und deren <strong>Umweltwirkung<\/strong><\/li>\n<li>Optimierung der <strong>Umweltleistung von Produkten<\/strong>, insbesondere in Bezug auf graue Energie<\/li>\n<li>Entwicklung von L\u00f6sungen zur F\u00f6rderung der <strong>Kreislauff\u00e4higkeit der Materialen<\/strong><\/li>\n<\/ul>\n<p>Zudem muss jedes Projekt zwingend eine messbare Wirkung auf die Umweltbilanz von Geb\u00e4uden und Infrastrukturen nachweisen und gleichzeitig deren wirtschaftliche Wettbewerbsf\u00e4higkeit erhalten.<\/p>\n<p>&nbsp;<\/p>\n<h2 id=\"acteurs\" style=\"scroll-margin-top: 80px;\">Beteiligte Akteure<\/h2>\n<p>Diese Liste ist beispielhaft und nicht abschliessend:<\/p>\n<ul>\n<li>Unternehmen aus Bau und Vorfertigung<\/li>\n<li>Hersteller von Materialien (Beton, Holz, D\u00e4mmstoffe usw.)<\/li>\n<li>Anbieter von digitalen L\u00f6sungen und R\u00fcckverfolgbarkeitstools<\/li>\n<li>Architekten, Ingenieur- und Planungsb\u00fcros<\/li>\n<li>Akteure aus R\u00fcckbau und Recycling<\/li>\n<li>Unternehmen im Bereich biobasierter oder recycelter Materialien<\/li>\n<li>Akteure im Bereich Energie und Umweltperformance<\/li>\n<li>Forschungszentren und akademische Partner<\/li>\n<li>\u00d6ffentliche Institutionen und Akteure der Raumplanung<\/li>\n<\/ul>\n<p>&nbsp;<\/p>\n<h2 id=\"procedure\" style=\"scroll-margin-top: 80px;\">Verfahren in 6 Schritten<\/h2>\n<ul>\n<li><strong>Schritt 1<\/strong>: Lancierung des Projektaufrufs<br \/>\nEinreichung der Projektskizzen bis zum 9. September 2026<\/li>\n<li><strong>Schritt 2<\/strong>: Auswahl der besten Skizzen<\/li>\n<li><strong>Schritt 3<\/strong>: Ausarbeitung des Finanzierungsantrags<br \/>\nMit Unterst\u00fctzung durch INNOSQUARE<\/li>\n<li><strong>Schritt 4<\/strong>: Evaluation durch ein Expertengremium<br \/>\nBeurteilung von Relevanz, Machbarkeit und Wirkung<\/li>\n<li><strong>Schritt 5<\/strong>: Entscheid \u00fcber die Vergabe des F\u00f6rderbeitrags<br \/>\nDurch das NRP-Komitee<\/li>\n<li><strong>Schritt 6<\/strong>: Abschluss der NRP-F\u00f6rdervereinbarung<\/li>\n<\/ul>\n<p>&nbsp;<\/p>\n<h2 id=\"participer\" style=\"scroll-margin-top: 80px;\">Wie teilnehmen?<\/h2>\n<p>Sie m\u00f6chten ein Projekt einreichen?<\/p>\n<p>Bitte laden Sie das nachfolgende <strong>Word-Formular<\/strong> herunter und senden Sie es bis sp\u00e4testens am <strong>9. September 2026<\/strong> per E-Mail an: <a href=\"mai&#108;&#116;&#x6f;&#x3a;&#x6e;&#x69;col&#97;&#115;&#x2e;&#x68;&#x75;&#x65;t&#64;h&#101;&#102;&#x72;&#x2e;&#x63;&#x68;\">n&#105;&#x63;&#x6f;&#x6c;a&#115;&#x2e;&#x68;&#x75;e&#116;&#x40;&#x68;&#x65;f&#114;&#x2e;&#x63;&#x68;<\/a>.<\/p>\n<blockquote><p><a href=\"https:\/\/www.promfr.ch\/wp-content\/uploads\/2026\/04\/KPA-Projektskizze-2024-2027-DE-v2026.docx\">&gt; Word-Formular auf Deutsch herunterladen<\/a><br \/>\n<a href=\"https:\/\/www.promfr.ch\/wp-content\/uploads\/2026\/04\/APC-Esquisse-de-projet-2024-2027-FR-v2026.docx\">&gt; Word-Formular auf Franz\u00f6sisch herunterladen<\/a><br \/>\n<a href=\"https:\/\/www.promfr.ch\/wp-content\/uploads\/2026\/04\/CCP-Project-Outline-2024-2027-EN-v2026.docx\">&gt; Word-Formular auf English herunterladen<\/a><\/p><\/blockquote>\n<p>&nbsp;<\/p>\n<h2 id=\"contact\" style=\"scroll-margin-top: 80px;\">Kontakt<\/h2>\n<p><strong>Nicolas Huet<\/strong>, Leiter INNOSQUARE, <a href=\"m&#x61;i&#108;&#x74;o&#x3a;&#x6e;i&#x63;o&#108;&#x61;s&#46;&#x68;u&#x65;t&#64;&#x68;e&#102;&#x72;.&#x63;&#x68;\">&#x6e;&#x69;&#x63;&#x6f;&#x6c;&#x61;&#x73;&#x2e;&#x68;&#x75;&#x65;&#116;&#64;&#104;&#101;fr.ch<\/a><\/p>\n<p>&nbsp;<\/p>\n<h2 id=\"archives\">Archiv: KPA 2025<\/h2>\n<p>Alle Informationen zum KPA 2025 finden Sie auf der untenstehenden Seite.<\/p>\n<p style=\"padding-left: 40px;\"><a href=\"https:\/\/www.promfr.ch\/de\/nrp-aufruf-2025\/\">&gt; Zum Archiv des KPA 2025<\/a><\/p>\n<p>&nbsp;<\/p>\n<style>\n  @media (max-width: 900px) {<br \/>    .partenaire-logos {<br \/>      justify-content: center;<br \/>    }<br \/>    .partenaire-logos > a {<br \/>      width: 45%;<br \/>      text-align: center;<br \/>    }<br \/>  }<\/p>\n<p>  @media (max-width: 600px) {<br \/>    .partenaire-logos {<br \/>      flex-direction: column;<br \/>      gap: 20px;<br \/>      align-items: center;<br \/>    }<br \/>    .partenaire-logos img {<br \/>      max-height: 100px !important;<br \/>    }<br \/>    .partenaire-logos > a {<br \/>      width: 100%;<br \/>      text-align: center;<br \/>    }<br \/>  }<br \/><\/style>\n<h2 id=\"partenaires\" style=\"scroll-margin-top: 80px;\">Partner<\/h2>\n<div class=\"partenaire-logos\" style=\"display: flex; justify-content: center; align-items: center; gap: 40px; flex-wrap: wrap; margin-top: 20px;\">\n<p><a href=\"https:\/\/www.ccif.ch\" target=\"_blank\" rel=\"noopener\"><br \/>\n<img decoding=\"async\" style=\"max-height: 150px; height: auto;\" src=\"https:\/\/www.promfr.ch\/wp-content\/uploads\/2025\/06\/ccif_web.png\" alt=\"Logo CCIF\" \/><br \/>\n<\/a><\/p>\n<p><a href=\"https:\/\/www.heia-fr.ch\" target=\"_blank\" rel=\"noopener\"><br \/>\n<img decoding=\"async\" style=\"max-height: 150px; height: auto;\" src=\"https:\/\/www.promfr.ch\/wp-content\/uploads\/2025\/06\/HEIA-FR_web.png\" alt=\"Logo HEIA-FR\" \/><br \/>\n<\/a><\/p>\n<p><a href=\"https:\/\/www.innosquare.com\" target=\"_blank\" rel=\"noopener\"><br \/>\n<img decoding=\"async\" style=\"max-height: 150px; height: auto;\" src=\"https:\/\/www.promfr.ch\/wp-content\/uploads\/2025\/06\/innosquare_web.png\" alt=\"Logo Innosquare\" \/><br \/>\n<\/a><\/p>\n<p><a href=\"https:\/\/www.promfr.ch\/de\/\" target=\"_blank\" rel=\"noopener\"><br \/>\n<img decoding=\"async\" style=\"max-height: 150px; height: auto;\" src=\"https:\/\/www.promfr.ch\/wp-content\/uploads\/2025\/06\/promfr_web.png\" alt=\"Logo PromFR\" \/><br \/>\n<\/a><\/p>\n<\/div>\n","protected":false},"excerpt":{"rendered":"<p>KPA 2026: 290&#8217;000 Franken zur Beschleunigung des kreislauforientierten Bauens Inhaltsverzeichnis Der KPA 2026 auf einen Blick Was ist ein KPA? Ziele des KPA 2026 Beteiligte Akteure Verfahren in 6 Schritten Wie teilnehmen? Kontakt Archiv: KPA 2025 Partner Der KPA 2026 auf einen Blick Sind Sie&#8230;<\/p>\n","protected":false},"author":6,"featured_media":0,"parent":0,"menu_order":0,"comment_status":"closed","ping_status":"closed","template":"","meta":{"footnotes":""},"tags":[],"class_list":["post-21988","page","type-page","status-publish","hentry"],"yoast_head":"<!-- This site is optimized with the Yoast SEO plugin v26.9 - https:\/\/yoast.com\/product\/yoast-seo-wordpress\/ -->\n<title>KPA 2026: 290&#039;000 Franken zur Beschleunigung des kreislauforientierten Bauens - Wirtschaftsf\u00f6rderung WIF<\/title>\n<meta name=\"robots\" content=\"index, follow, max-snippet:-1, max-image-preview:large, max-video-preview:-1\" \/>\n<link rel=\"canonical\" href=\"https:\/\/www.promfr.ch\/de\/nrp-aufruf\/\" \/>\n<meta property=\"og:locale\" content=\"de_DE\" \/>\n<meta property=\"og:type\" content=\"article\" \/>\n<meta property=\"og:title\" content=\"KPA 2026: 290&#039;000 Franken zur Beschleunigung des kreislauforientierten Bauens - Wirtschaftsf\u00f6rderung WIF\" \/>\n<meta property=\"og:description\" content=\"KPA 2026: 290&#8217;000 Franken zur Beschleunigung des kreislauforientierten Bauens Inhaltsverzeichnis Der KPA 2026 auf einen Blick Was ist ein KPA? Ziele des KPA 2026 Beteiligte Akteure Verfahren in 6 Schritten Wie teilnehmen? Kontakt Archiv: KPA 2025 Partner Der KPA 2026 auf einen Blick Sind Sie...\" \/>\n<meta property=\"og:url\" content=\"https:\/\/www.promfr.ch\/de\/nrp-aufruf\/\" \/>\n<meta property=\"og:site_name\" content=\"Wirtschaftsf\u00f6rderung WIF\" \/>\n<meta property=\"article:modified_time\" content=\"2026-04-28T08:04:47+00:00\" \/>\n<meta property=\"og:image\" content=\"https:\/\/www.promfr.ch\/wp-content\/uploads\/2026\/04\/APC-KPA_2026_web.jpg\" \/>\n\t<meta property=\"og:image:width\" content=\"1500\" \/>\n\t<meta property=\"og:image:height\" content=\"1000\" \/>\n\t<meta property=\"og:image:type\" content=\"image\/jpeg\" \/>\n<meta name=\"twitter:card\" content=\"summary_large_image\" \/>\n<meta name=\"twitter:site\" content=\"@promfr\" \/>\n<script type=\"application\/ld+json\" class=\"yoast-schema-graph\">{\"@context\":\"https:\/\/schema.org\",\"@graph\":[{\"@type\":\"WebPage\",\"@id\":\"https:\/\/www.promfr.ch\/de\/nrp-aufruf\/\",\"url\":\"https:\/\/www.promfr.ch\/de\/nrp-aufruf\/\",\"name\":\"KPA 2026: 290'000 Franken zur Beschleunigung des kreislauforientierten Bauens - Wirtschaftsf\u00f6rderung WIF\",\"isPartOf\":{\"@id\":\"https:\/\/www.promfr.ch\/#website\"},\"primaryImageOfPage\":{\"@id\":\"https:\/\/www.promfr.ch\/de\/nrp-aufruf\/#primaryimage\"},\"image\":{\"@id\":\"https:\/\/www.promfr.ch\/de\/nrp-aufruf\/#primaryimage\"},\"thumbnailUrl\":\"https:\/\/www.promfr.ch\/wp-content\/uploads\/2026\/04\/APC-KPA_2026_web.jpg\",\"datePublished\":\"2026-04-28T07:16:21+00:00\",\"dateModified\":\"2026-04-28T08:04:47+00:00\",\"breadcrumb\":{\"@id\":\"https:\/\/www.promfr.ch\/de\/nrp-aufruf\/#breadcrumb\"},\"inLanguage\":\"de\",\"potentialAction\":[{\"@type\":\"ReadAction\",\"target\":[\"https:\/\/www.promfr.ch\/de\/nrp-aufruf\/\"]}]},{\"@type\":\"ImageObject\",\"inLanguage\":\"de\",\"@id\":\"https:\/\/www.promfr.ch\/de\/nrp-aufruf\/#primaryimage\",\"url\":\"https:\/\/www.promfr.ch\/wp-content\/uploads\/2026\/04\/APC-KPA_2026_web.jpg\",\"contentUrl\":\"https:\/\/www.promfr.ch\/wp-content\/uploads\/2026\/04\/APC-KPA_2026_web.jpg\"},{\"@type\":\"BreadcrumbList\",\"@id\":\"https:\/\/www.promfr.ch\/de\/nrp-aufruf\/#breadcrumb\",\"itemListElement\":[{\"@type\":\"ListItem\",\"position\":1,\"name\":\"Accueil\",\"item\":\"https:\/\/www.promfr.ch\/de\/\"},{\"@type\":\"ListItem\",\"position\":2,\"name\":\"KPA 2026: 290&rsquo;000 Franken zur Beschleunigung des kreislauforientierten Bauens\"}]},{\"@type\":\"WebSite\",\"@id\":\"https:\/\/www.promfr.ch\/#website\",\"url\":\"https:\/\/www.promfr.ch\/\",\"name\":\"Promotion \u00e9conomique du canton de Fribourg (PromFR)\",\"description\":\"FRIBOURG, THE PLACE TO GROW!\",\"publisher\":{\"@id\":\"https:\/\/www.promfr.ch\/#organization\"},\"alternateName\":\"Wirtschaftsf\u00f6rderung Kanton Freiburg (WIF)\",\"potentialAction\":[{\"@type\":\"SearchAction\",\"target\":{\"@type\":\"EntryPoint\",\"urlTemplate\":\"https:\/\/www.promfr.ch\/?s={search_term_string}\"},\"query-input\":{\"@type\":\"PropertyValueSpecification\",\"valueRequired\":true,\"valueName\":\"search_term_string\"}}],\"inLanguage\":\"de\"},{\"@type\":\"Organization\",\"@id\":\"https:\/\/www.promfr.ch\/#organization\",\"name\":\"Promotion \u00e9conomique du canton de Fribourg (PromFR)\",\"alternateName\":\"Wirtschaftsf\u00f6rderung Kanton Freiburg (WIF)\",\"url\":\"https:\/\/www.promfr.ch\/\",\"logo\":{\"@type\":\"ImageObject\",\"inLanguage\":\"de\",\"@id\":\"https:\/\/www.promfr.ch\/#\/schema\/logo\/image\/\",\"url\":\"https:\/\/www.promfr.ch\/wp-content\/uploads\/2017\/07\/promotion-economique-fribourg-logo.png\",\"contentUrl\":\"https:\/\/www.promfr.ch\/wp-content\/uploads\/2017\/07\/promotion-economique-fribourg-logo.png\",\"width\":515,\"height\":156,\"caption\":\"Promotion \u00e9conomique du canton de Fribourg (PromFR)\"},\"image\":{\"@id\":\"https:\/\/www.promfr.ch\/#\/schema\/logo\/image\/\"},\"sameAs\":[\"https:\/\/x.com\/promfr\",\"https:\/\/www.linkedin.com\/company\/promfr\",\"https:\/\/www.youtube.com\/user\/promfr\"]}]}<\/script>\n<!-- \/ Yoast SEO plugin. -->","yoast_head_json":{"title":"KPA 2026: 290'000 Franken zur Beschleunigung des kreislauforientierten Bauens - Wirtschaftsf\u00f6rderung WIF","robots":{"index":"index","follow":"follow","max-snippet":"max-snippet:-1","max-image-preview":"max-image-preview:large","max-video-preview":"max-video-preview:-1"},"canonical":"https:\/\/www.promfr.ch\/de\/nrp-aufruf\/","og_locale":"de_DE","og_type":"article","og_title":"KPA 2026: 290'000 Franken zur Beschleunigung des kreislauforientierten Bauens - Wirtschaftsf\u00f6rderung WIF","og_description":"KPA 2026: 290&#8217;000 Franken zur Beschleunigung des kreislauforientierten Bauens Inhaltsverzeichnis Der KPA 2026 auf einen Blick Was ist ein KPA? Ziele des KPA 2026 Beteiligte Akteure Verfahren in 6 Schritten Wie teilnehmen? Kontakt Archiv: KPA 2025 Partner Der KPA 2026 auf einen Blick Sind Sie...","og_url":"https:\/\/www.promfr.ch\/de\/nrp-aufruf\/","og_site_name":"Wirtschaftsf\u00f6rderung WIF","article_modified_time":"2026-04-28T08:04:47+00:00","og_image":[{"width":1500,"height":1000,"url":"https:\/\/www.promfr.ch\/wp-content\/uploads\/2026\/04\/APC-KPA_2026_web.jpg","type":"image\/jpeg"}],"twitter_card":"summary_large_image","twitter_site":"@promfr","schema":{"@context":"https:\/\/schema.org","@graph":[{"@type":"WebPage","@id":"https:\/\/www.promfr.ch\/de\/nrp-aufruf\/","url":"https:\/\/www.promfr.ch\/de\/nrp-aufruf\/","name":"KPA 2026: 290'000 Franken zur Beschleunigung des kreislauforientierten Bauens - Wirtschaftsf\u00f6rderung WIF","isPartOf":{"@id":"https:\/\/www.promfr.ch\/#website"},"primaryImageOfPage":{"@id":"https:\/\/www.promfr.ch\/de\/nrp-aufruf\/#primaryimage"},"image":{"@id":"https:\/\/www.promfr.ch\/de\/nrp-aufruf\/#primaryimage"},"thumbnailUrl":"https:\/\/www.promfr.ch\/wp-content\/uploads\/2026\/04\/APC-KPA_2026_web.jpg","datePublished":"2026-04-28T07:16:21+00:00","dateModified":"2026-04-28T08:04:47+00:00","breadcrumb":{"@id":"https:\/\/www.promfr.ch\/de\/nrp-aufruf\/#breadcrumb"},"inLanguage":"de","potentialAction":[{"@type":"ReadAction","target":["https:\/\/www.promfr.ch\/de\/nrp-aufruf\/"]}]},{"@type":"ImageObject","inLanguage":"de","@id":"https:\/\/www.promfr.ch\/de\/nrp-aufruf\/#primaryimage","url":"https:\/\/www.promfr.ch\/wp-content\/uploads\/2026\/04\/APC-KPA_2026_web.jpg","contentUrl":"https:\/\/www.promfr.ch\/wp-content\/uploads\/2026\/04\/APC-KPA_2026_web.jpg"},{"@type":"BreadcrumbList","@id":"https:\/\/www.promfr.ch\/de\/nrp-aufruf\/#breadcrumb","itemListElement":[{"@type":"ListItem","position":1,"name":"Accueil","item":"https:\/\/www.promfr.ch\/de\/"},{"@type":"ListItem","position":2,"name":"KPA 2026: 290&rsquo;000 Franken zur Beschleunigung des kreislauforientierten Bauens"}]},{"@type":"WebSite","@id":"https:\/\/www.promfr.ch\/#website","url":"https:\/\/www.promfr.ch\/","name":"Promotion \u00e9conomique du canton de Fribourg (PromFR)","description":"FRIBOURG, THE PLACE TO GROW!","publisher":{"@id":"https:\/\/www.promfr.ch\/#organization"},"alternateName":"Wirtschaftsf\u00f6rderung Kanton Freiburg (WIF)","potentialAction":[{"@type":"SearchAction","target":{"@type":"EntryPoint","urlTemplate":"https:\/\/www.promfr.ch\/?s={search_term_string}"},"query-input":{"@type":"PropertyValueSpecification","valueRequired":true,"valueName":"search_term_string"}}],"inLanguage":"de"},{"@type":"Organization","@id":"https:\/\/www.promfr.ch\/#organization","name":"Promotion \u00e9conomique du canton de Fribourg (PromFR)","alternateName":"Wirtschaftsf\u00f6rderung Kanton Freiburg (WIF)","url":"https:\/\/www.promfr.ch\/","logo":{"@type":"ImageObject","inLanguage":"de","@id":"https:\/\/www.promfr.ch\/#\/schema\/logo\/image\/","url":"https:\/\/www.promfr.ch\/wp-content\/uploads\/2017\/07\/promotion-economique-fribourg-logo.png","contentUrl":"https:\/\/www.promfr.ch\/wp-content\/uploads\/2017\/07\/promotion-economique-fribourg-logo.png","width":515,"height":156,"caption":"Promotion \u00e9conomique du canton de Fribourg (PromFR)"},"image":{"@id":"https:\/\/www.promfr.ch\/#\/schema\/logo\/image\/"},"sameAs":["https:\/\/x.com\/promfr","https:\/\/www.linkedin.com\/company\/promfr","https:\/\/www.youtube.com\/user\/promfr"]}]}},"_links":{"self":[{"href":"https:\/\/www.promfr.ch\/de\/wp-json\/wp\/v2\/pages\/21988","targetHints":{"allow":["GET"]}}],"collection":[{"href":"https:\/\/www.promfr.ch\/de\/wp-json\/wp\/v2\/pages"}],"about":[{"href":"https:\/\/www.promfr.ch\/de\/wp-json\/wp\/v2\/types\/page"}],"author":[{"embeddable":true,"href":"https:\/\/www.promfr.ch\/de\/wp-json\/wp\/v2\/users\/6"}],"replies":[{"embeddable":true,"href":"https:\/\/www.promfr.ch\/de\/wp-json\/wp\/v2\/comments?post=21988"}],"version-history":[{"count":8,"href":"https:\/\/www.promfr.ch\/de\/wp-json\/wp\/v2\/pages\/21988\/revisions"}],"predecessor-version":[{"id":22033,"href":"https:\/\/www.promfr.ch\/de\/wp-json\/wp\/v2\/pages\/21988\/revisions\/22033"}],"wp:attachment":[{"href":"https:\/\/www.promfr.ch\/de\/wp-json\/wp\/v2\/media?parent=21988"}],"wp:term":[{"taxonomy":"post_tag","embeddable":true,"href":"https:\/\/www.promfr.ch\/de\/wp-json\/wp\/v2\/tags?post=21988"}],"curies":[{"name":"wp","href":"https:\/\/api.w.org\/{rel}","templated":true}]}}